{"id":4530,"date":"2020-10-24T17:01:01","date_gmt":"2020-10-24T15:01:01","guid":{"rendered":"http:\/\/guitar-repertoire.com\/?post_type=product&#038;p=4530"},"modified":"2022-02-13T16:39:43","modified_gmt":"2022-02-13T15:39:43","slug":"el-sombrero-del-alquimista-aires-armenios-tamsara-video","status":"publish","type":"product","link":"https:\/\/reflejarte.es\/guitar-repertoire\/musicalia\/el-sombrero-del-alquimista-aires-armenios-tamsara-video\/","title":{"rendered":"El Sombrero del Alquimista: AIRES ARMENIOS &#8211;  video"},"content":{"rendered":"<p>M\u00e1s informaci\u00f3n sobre este trabajo, los artistas y su m\u00fasica en\u00a0 <a href=\"https:\/\/reflejarte.es\/elsombrerodelalquimista\/\" target=\"_blank\" rel=\"noopener noreferrer\"><i>elsombrerodelalquimista.com<\/i><\/a><i><\/i><\/p>\n<p>&nbsp;<\/p>\n<p><!--  &nbsp;\n\n\n<div id=\"tab-description\" class=\"woocommerce-Tabs-panel woocommerce-Tabs-panel--description panel entry-content wc-tab\" role=\"tabpanel\" aria-labelledby=\"tab-title-description\">\n\n\n<h2><strong>Caracter\u00edsticas del producto:<\/strong><\/h2>\n\n\n\u00c1LBUM MUSICAL en formato mp3 o wav\nARTISTAS: La R\u00eaverie.\u00a0 Esteban Canyar, Juan Manuel Rubio\nPRODUCCI\u00d3N: La R\u00eaverie (Esteban Canyar), \u00a9 La R\u00eaverie 2010\nDURACI\u00d3N:\u00a0\u00a0 43\u201945\u201d\n\nFORMATOS disponibles: \u00a0 descarga en mp3, descarga en wav\n<strong>BONUS: artwork descargable gratis (libreto <\/strong>de 8 p\u00e1ginas parcialmente en color, texto en castellano<strong>, covers y disc label para imprimir, en formato pdf, de la edici\u00f3n art\u00edstica de comunicArte)<\/strong>\n\n<strong>DESCARGA:\u00a0 inmediata<\/strong>\n\n<\/div>\n\n\nEncuentra m\u00e1s informaci\u00f3n sobre el \u00e1lbum y los artistas en la <a title=\"ir a la web de La R\u00eaverie\/\u00e1lbum Alma de cuerda\" href=\"http:\/\/lareverie.es\" target=\"_blank\" rel=\"noopener noreferrer\">Web oficial de <i>La R\u00eaverie<\/i><\/a>\n--><\/p>\n","protected":false},"excerpt":{"rendered":"<p>Esta pieza, tradicional de Armenia, tambi\u00e9n es conocida bajo el t\u00edtula de\u00a0 <strong>Tamsara<\/strong>.<br \/>\nLa versi\u00f3n interpretada por el Sombrero del Alquimista\u00a0 es un arreglo de Manuel Esteban.<br \/>\nEl video recoge una g<span class=\"style-scope yt-formatted-string\" dir=\"auto\">rabaci\u00f3n del grupo EL SOMBRERO DEL ALQUIMISTA para el programa \u00abTVE es m\u00fasica\u00bb de la 1\u00aa de RTVE,\u00a0 realizado en la Bah\u00eda de C\u00e1diz a bordo de la goleta \u00abSadko\u00bb el 17 de Marzo del 2012. <\/span><\/p>\n<p><span class=\"style-scope yt-formatted-string\" dir=\"auto\">INTERPRETES:<\/span><\/p>\n<p><span class=\"style-scope yt-formatted-string\" dir=\"auto\">Erwin Grafe&#8230;&#8230;&#8230;&#8230;.Violonchelo<br \/>\nIgnacio B\u00e9jar&#8230;&#8230;&#8230;..Clarinete turco<br \/>\n<\/span><span class=\"style-scope yt-formatted-string\" dir=\"auto\">Manuel Esteban&#8230;.. Guitarra espa\u00f1ola <\/span><\/p>\n<p>&nbsp;<\/p>\n<p style=\"text-align: center;\"><iframe loading=\"lazy\" src=\"https:\/\/www.youtube.com\/embed\/MNdrDPGI8Hs\" width=\"560\" height=\"315\" frameborder=\"0\" allowfullscreen=\"allowfullscreen\"><\/iframe><\/p>\n<p>El aire armenio &#8216;Tamsara&#8217;\u00a0 interpretado por los m\u00fasicos de El Sombrero del Alquimista, grabado en la Bah\u00eda de C\u00e1diz, a bordo de la goleta \u00abSadko\u00bb, el 17 de marzo del 2012, para el programa\u00a0 \u00abTVE es m\u00fasica\u00bb de la 1\u00aa de RTVE. La pieza forma parte del \u00e1lbum El Sombrero del Alquimista, grabado en M\u00e1laga, donde viven los m\u00fasicos.<\/p>\n<p><img loading=\"lazy\" decoding=\"async\" class=\"alignleft size-full wp-image-1758\" src=\"https:\/\/reflejarte.es\/guitar-repertoire\/wp-content\/uploads\/2016\/01\/probe3Sombrauntenlinks30-e1516549868147.png\" alt=\"El Sombrero del Alquimista CD\" width=\"275\" height=\"242\" srcset=\"https:\/\/reflejarte.es\/guitar-repertoire\/wp-content\/uploads\/2016\/01\/probe3Sombrauntenlinks30-e1516549868147.png 275w, https:\/\/reflejarte.es\/guitar-repertoire\/wp-content\/uploads\/2016\/01\/probe3Sombrauntenlinks30-e1516549868147-150x132.png 150w\" sizes=\"auto, (max-width: 275px) 100vw, 275px\" \/><\/p>\n<p>El \u00e1lbum <a href=\"https:\/\/reflejarte.es\/guitar-repertoire\/musicalia\/el-sombrero-del-alquimista-cd\/\">EL SOMBRERO DEL ALQUIMISTA<\/a>\u00a0 contiene los mejores temas del grupo: un disco lleno de m\u00fasica m\u00e1gica, grabada en el estudio malague\u00f1o <a href=\"http:\/\/www.artesonao.com\/\" target=\"_blank\" rel=\"noopener noreferrer\">Artesonao<\/a>, en unas pocas, pero intensas sesiones.<br \/>\nEn este \u00e1lbum, el grupo presenta sus propias composiciones as\u00ed como arreglos de temas tradicionales de diferentes tiempos, lugares y culturas.<\/p>\n<p>El n\u00facleo de EL SOMBRERO DEL ALQUIMISTA lo conforman Ignacio B\u00e9jar y Manuel Esteban, compositores, autores de los arreglos e int\u00e9rpretes de los temas:<br \/>\n<b>Manuel Esteban<\/b> &#8211; guitarra cl\u00e1sica, vihuela<br \/>\n<b>Ignacio B\u00e9jar<\/b> &#8211; ney, clarinete bajo, saxo soprano , clarinete turco.<\/p>\n<p>En la grabaci\u00f3n del cd y en sus incontables conciertos han colaborado tambi\u00e9n\u00a0 los siguientes m\u00fasicos y grandes artistas:<br \/>\n<b>Ricardo Passos<\/b> &#8211; tombak, saz, bendir, riqq, palmas<br \/>\n<b>Juan Manuel Rubio<\/b> &#8211; santur, palmas<br \/>\n<b>Estanislao Waflar<\/b> &#8211; contrabajo.<br \/>\n<strong>Erwin Grafe<\/strong> (violonchelo), <strong>Salma Vives<\/strong> (violonchelo, pandero),\u00a0<strong> \u00c1ngel Mart\u00edn<\/strong> (percusiones)<\/p>\n<p>Disfruta del <a href=\"https:\/\/open.spotify.com\/album\/7qNdTiLwsljaM7JzoHQ817\" target=\"_blank\" rel=\"noopener noreferrer\">\u00e1lbum de El Sombrero del Alquimista en Spotify<\/a>, es gratuito.<\/p>\n<p>Env\u00edanos un <a href=\"https:\/\/reflejarte.es\/guitar-repertoire\/contact\/\">email<\/a> si quieres adquirir el \u00e1lbum f\u00edsico o en formato wav.<br \/>\nVer m\u00e1s informaci\u00f3n sobre el <a href=\"https:\/\/reflejarte.es\/elsombrerodelalquimista\/index.php\" target=\"_blank\" rel=\"noopener noreferrer\">cd y el grupo<\/a> en la web oficial de <\/a><strong><i><a href=\"https:\/\/reflejarte.es\/elsombrerodelalquimista\/conciertos\" target=\"_blank\" rel=\"noopener noreferrer\">El Sombrero del Alquimista<\/a>.<\/i><\/strong><\/p>\n<hr \/>\n<p>&nbsp;<\/p>\n<hr \/>\n<p>&nbsp;<\/p>\n<p style=\"text-align: center;\">\n","protected":false},"featured_media":1383,"comment_status":"closed","ping_status":"closed","template":"","meta":[],"product_brand":[],"product_cat":[632,830,68,716,467,854,382,451,394,456,633,807,657],"product_tag":[33,212,219,866,216,221,222,70,864,865,863,661],"class_list":{"0":"post-4530","1":"product","2":"type-product","3":"status-publish","4":"has-post-thumbnail","6":"product_cat-anonimo","7":"product_cat-armenia","8":"product_cat-musica-audiovisual","9":"product_cat-concierto--performance","10":"product_cat-copyright","11":"product_cat-el-sombrero-del-alquimista","12":"product_cat-esteban-manuel-compositor","13":"product_cat-gfc","14":"product_cat-esteban-manuel-interprete","15":"product_cat-otras","16":"product_cat-popular","17":"product_cat-video","18":"product_cat-_video-musical","19":"product_tag-angel-martin","20":"product_tag-armenia","21":"product_tag-el-sombrero-del-alquimista","22":"product_tag-erwin-grafe","23":"product_tag-classical-guitar","24":"product_tag-ignacio-bejar","25":"product_tag-manuel-esteban","26":"product_tag-original","27":"product_tag-popular","28":"product_tag-tamsara","29":"product_tag-tradicional","30":"product_tag-video-musical","31":"pa_artista-el-sombrero-del-alquimista","32":"pa_artista-ignacio-bejar","33":"pa_artista-manuel-esteban","34":"pa_autor-musica-tradicional-popular","35":"pa_compositor-arreglo-manuel-esteban","36":"pa_epoca-tradicional","37":"pa_instrumentacion-flauta-cello-guitarra","38":"pa_instrumentacion-otras-instrumentaciones","39":"pa_production-rtve","41":"first","42":"instock","43":"shipping-taxable","44":"product-type-variable"},"_links":{"self":[{"href":"https:\/\/reflejarte.es\/guitar-repertoire\/wp-json\/wp\/v2\/product\/4530","targetHints":{"allow":["GET"]}}],"collection":[{"href":"https:\/\/reflejarte.es\/guitar-repertoire\/wp-json\/wp\/v2\/product"}],"about":[{"href":"https:\/\/reflejarte.es\/guitar-repertoire\/wp-json\/wp\/v2\/types\/product"}],"replies":[{"embeddable":true,"href":"https:\/\/reflejarte.es\/guitar-repertoire\/wp-json\/wp\/v2\/comments?post=4530"}],"wp:featuredmedia":[{"embeddable":true,"href":"https:\/\/reflejarte.es\/guitar-repertoire\/wp-json\/wp\/v2\/media\/1383"}],"wp:attachment":[{"href":"https:\/\/reflejarte.es\/guitar-repertoire\/wp-json\/wp\/v2\/media?parent=4530"}],"wp:term":[{"taxonomy":"product_brand","embeddable":true,"href":"https:\/\/reflejarte.es\/guitar-repertoire\/wp-json\/wp\/v2\/product_brand?post=4530"},{"taxonomy":"product_cat","embeddable":true,"href":"https:\/\/reflejarte.es\/guitar-repertoire\/wp-json\/wp\/v2\/product_cat?post=4530"},{"taxonomy":"product_tag","embeddable":true,"href":"https:\/\/reflejarte.es\/guitar-repertoire\/wp-json\/wp\/v2\/product_tag?post=4530"}],"curies":[{"name":"wp","href":"https:\/\/api.w.org\/{rel}","templated":true}]}}