{"id":1400,"date":"2018-11-01T13:36:31","date_gmt":"2018-11-01T12:36:31","guid":{"rendered":"http:\/\/reflejarte.es\/DeutschamStrand\/?page_id=1400"},"modified":"2024-03-25T12:06:48","modified_gmt":"2024-03-25T12:06:48","slug":"kategorie-audio-liste-aller-beitraege","status":"publish","type":"page","link":"https:\/\/reflejarte.es\/DeutschamStrand\/es\/kategorie-audio-liste-aller-beitraege\/","title":{"rendered":"Categor\u00eda Audio: lista de entradas"},"content":{"rendered":"<p>&nbsp;<\/p>\n<p><span style='color: #fd6300;position: relative; top: -25px; bottom: -45px;'>\u00daltima actualizaci\u00f3n: 25\/03\/2024<\/span> <a href=\"https:\/\/reflejarte.es\/DeutschamStrand\/de\/kategorie-audio-liste-aller-beitraege\/\" target=\"_blank\" rel=\"noopener\"><img loading=\"lazy\" decoding=\"async\" class=\"alignright wp-image-3689 size-full\" title=\"leer en alem\u00e1n - auf Deutsch lesen\" src=\"https:\/\/reflejarte.es\/DeutschamStrand\/es\/wp-content\/uploads\/2021\/01\/auf-Deutsch-lesen.png\" alt=\"leer en alem\u00e1n - auf Deutsch lesen\" width=\"182\" height=\"31\" srcset=\"https:\/\/reflejarte.es\/DeutschamStrand\/es\/wp-content\/uploads\/2021\/01\/auf-Deutsch-lesen.png 182w, https:\/\/reflejarte.es\/DeutschamStrand\/es\/wp-content\/uploads\/2021\/01\/auf-Deutsch-lesen-150x26.png 150w\" sizes=\"auto, (max-width: 182px) 100vw, 182px\" \/><\/a><\/p>\n<h1><\/h1>\n<h1 style=\"text-align: center;\">Listado de AUDIOS<\/h1>\n<p>&nbsp;<\/p>\n<p style=\"text-align: center;\">Ir a subcategor\u00edas<br \/>\n<a href=\"#todo\">TODO AUDIO<\/a>\u00a0\u00a0 | \u00a0 <a href=\"#cancion\">CANCIONES<\/a>\u00a0\u00a0 | \u00a0 <a href=\"#estructuras\">PRACTICAR CON AUDIOS<\/a> | <a href=\"#deutschkurs\">CURSO DE ALEM\u00c1N<\/a><\/p>\n<p style=\"text-align: center;\"><img loading=\"lazy\" decoding=\"async\" class=\"wp-image-794 size-full aligncenter\" title=\"escuchar \" src=\"https:\/\/reflejarte.es\/DeutschamStrand\/es\/wp-content\/uploads\/2017\/01\/hoeren.png\" alt=\"Audiodatei h\u00f6ren- escuchar\" width=\"300\" height=\"133\" \/> <em>escuchar<\/em><\/p>\n<h4><a name=\"todo\"><\/a><br \/>\nCategor\u00eda AUDIO: posts con ficheros de audio (mp3\/midi) o de tem\u00e1tica relacionada<\/h4>\n<ul class=\"lcp_catlist\" id=\"lcp_instance_0\"><li><a href=\"https:\/\/reflejarte.es\/DeutschamStrand\/es\/comic-deutschkurs_curso-de-aleman-lektion-3-im-reisebuero-welt-reisen\/\">WELT-REISEN 3 \u00b7 eine Reise buchen <br>Curso gratuito de iniciaci\u00f3n al alem\u00e1n en c\u00f3mic biling\u00fce \u00b7 lecci\u00f3n 3<\/a><\/li><li><a href=\"https:\/\/reflejarte.es\/DeutschamStrand\/es\/welt-reisen-comic-audiovisual-zum-deutschlernen-para-aprender-aleman-lektion-2-im-reisebuero\/\">WELT-REISEN 2 \u00b7 C\u00d3MIC audiovisual para aprender alem\u00e1n<br>Lecci\u00f3n 2: Im Reiseb\u00fcro WELT-REISEN<\/a><\/li><li><a href=\"https:\/\/reflejarte.es\/DeutschamStrand\/es\/comic-deutschkurs-curso-de-aleman-lektion-1-im-reisebuero-welt-reisen\/\">WELT-REISEN 1 \u00b7 Curso de alem\u00e1n gratuito \u00b7 C\u00d3MIC audiovisual para aprender alem\u00e1n<br>Lecci\u00f3n 1:  Im Reiseb\u00fcro WELT-REISEN<\/a><\/li><li><a href=\"https:\/\/reflejarte.es\/DeutschamStrand\/es\/deutsch-zahlen-von-0-bis-1000-contar-en-aleman-mp3-audio\/\">WELT-REISEN \u00b7 Los n\u00fameros de 0 al 1000 \u00b7 audio mp3 + ejercicios interactivos<\/a><\/li><li><a href=\"https:\/\/reflejarte.es\/DeutschamStrand\/es\/unregelmaessige-starke-verben-deutsch_listado-verbos-irregulares-aleman-audio\/\">Verbos irregulares, fuertes, del alem\u00e1n \u00b7 listado con audio+pdf \u00b7 verbos base y derivados<\/a><\/li><li><a href=\"https:\/\/reflejarte.es\/DeutschamStrand\/es\/trennbare-verben-schnelleinfuhrung_los-verbos-separables-en-aleman-introduccion-rapida\/\">Los verbos separables en alem\u00e1n: introducci\u00f3n r\u00e1pida e interactiva<\/a><\/li><li><a href=\"https:\/\/reflejarte.es\/DeutschamStrand\/es\/audio_verbos-modales-en-aleman-conjugar-y-comprender_duerfen-sollen-muessen-wollen-koennen-moegen\/\">Los verbos modales \u00b7 conjugaci\u00f3n y uso, explicaci\u00f3n y ejemplos \u00b7 audio mp3<\/a><\/li><li><a href=\"https:\/\/reflejarte.es\/DeutschamStrand\/es\/abc-lied\/\">La canci\u00f3n del ABC \u00b7 mp3<\/a><\/li><li><a href=\"https:\/\/reflejarte.es\/DeutschamStrand\/es\/bauer-hans-hat-einen-hof-old-mac-donald-has-a-farm\/\">La canci\u00f3n de la granja: Bauer Hans hat einen Hof  + mp3<\/a><\/li><li><a href=\"https:\/\/reflejarte.es\/DeutschamStrand\/es\/a1-0-personalpronomen-in-bild-person-geste-farbe-ton-schrift-anfaenger-kinder\/\">ich, du, er, sie, es&#8230; <b>Los pronombres personales alemanes<\/b> \u00b7 Quiz con imagen (persona, gesto, color) + sonido + graf\u00eda<\/a><\/li><li><a href=\"https:\/\/reflejarte.es\/DeutschamStrand\/es\/orthographie-vs-aussprache-nuetzliche-informationen-zur-deutschen-rechtschreibung\/\">Escritura vs pronunciaci\u00f3n \u00b7 Las dificultades de la ortograf\u00eda alemana \u00b7 mp3<\/a><\/li><li><a href=\"https:\/\/reflejarte.es\/DeutschamStrand\/es\/koerperteile-vokabeltrainer-deutsch-el-cuerpo-en-aleman-quiz\/\">El cuerpo \u00b7 quiz \u00b7 3 entrenadores de vocabulario con im\u00e1genes+audio \u00b7 ejercicios interactivos<\/a><\/li><li><a href=\"https:\/\/reflejarte.es\/DeutschamStrand\/es\/streiten-comic-prosodie-satzakzent\/\">Di\u00e1logo \u00abPelear\u00bb \u00b7 c\u00f3mic \u00abStreiten!?\u00bb (ejercicio de prosodia: palabras enfatizadas) \u00b7 ficha + audio<\/a><\/li><li><a href=\"https:\/\/reflejarte.es\/DeutschamStrand\/es\/konjugation-von-haben-und-sein\/\">Conjugar HABEN y SEIN en presente \u00b7 Ejemplos, audio mp3+transcripci\u00f3n<\/a><\/li><li><a href=\"https:\/\/reflejarte.es\/DeutschamStrand\/es\/wie-lerne-ich-mit-audios_como-aprender-aleman-con-audios\/\">C\u00f3mo aprender alem\u00e1n con audios \u00b7 La importancia de la pronunciaci\u00f3n<\/a><\/li><li><a href=\"https:\/\/reflejarte.es\/DeutschamStrand\/es\/lieder-und-songs-auf-deutsch\/\">Canciones para aprender alem\u00e1n<\/a><\/li><li><a href=\"https:\/\/reflejarte.es\/DeutschamStrand\/es\/didaktisches-lied-mit-gesten-basisstrukturen-cancion-gestos-conjugacion-melodie-haenschen-klein\/\">Canci\u00f3n infantil vers\u00e1til para practicar estructuras, con gestos \u00b7 Melod\u00eda de \u00abH\u00e4nschen klein\u00bb  fichas + audio<\/a><\/li><li><a href=\"https:\/\/reflejarte.es\/DeutschamStrand\/es\/kinderlied-zum-tagesablauf-aufstehen-duschen-kleider-anziehen-ich-kann-alles-schon-allein\/\">Canci\u00f3n infantil DaF sobre rutinas diarias &#8216;Aufstehen, duschen, Kleider anziehen&#8230; Ich kann alles schon allein&#8217;<\/a><\/li><li><a href=\"https:\/\/reflejarte.es\/DeutschamStrand\/es\/anfaengerlied-das-ist-gross-und-das-ist-klein\/\">Canci\u00f3n din\u00e1mica gestos y juegos para principiantes \u00abDas ist gro\u00df und das ist klein\u00bb<\/a><\/li><li><a href=\"https:\/\/reflejarte.es\/DeutschamStrand\/es\/morgens-frueh-um-6-kommt-die-kleine-hex-%c2%b7-lied-%c2%b7-mp3\/\">Canci\u00f3n de la Brujita: Morgens fr\u00fch um sechs kommt die kleine Hex&#8217; \u00b7 mp3 \u00b7 fichas<\/a><\/li><li><a href=\"https:\/\/reflejarte.es\/DeutschamStrand\/es\/das-pantomime-lied-%c2%b7-mp3\/\">Canci\u00f3n con pantomima \u00b7 mp3 (Cantar con gestos para practicar conjugaciones)<\/a><\/li><\/ul>\n<p><a name=\"cancion\"><\/a><\/p>\n<h4>Categor\u00eda CANCI\u00d3N: todas las canciones (canciones populares, infantiles y did\u00e1cticas con mp3)<\/h4>\n<ul class=\"lcp_catlist\" id=\"lcp_instance_0\"><li><a href=\"https:\/\/reflejarte.es\/DeutschamStrand\/es\/das-pantomime-lied-%c2%b7-mp3\/\">Canci\u00f3n con pantomima \u00b7 mp3 (Cantar con gestos para practicar conjugaciones)<\/a><\/li><li><a href=\"https:\/\/reflejarte.es\/DeutschamStrand\/es\/morgens-frueh-um-6-kommt-die-kleine-hex-%c2%b7-lied-%c2%b7-mp3\/\">Canci\u00f3n de la Brujita: Morgens fr\u00fch um sechs kommt die kleine Hex&#8217; \u00b7 mp3 \u00b7 fichas<\/a><\/li><li><a href=\"https:\/\/reflejarte.es\/DeutschamStrand\/es\/anfaengerlied-das-ist-gross-und-das-ist-klein\/\">Canci\u00f3n din\u00e1mica gestos y juegos para principiantes \u00abDas ist gro\u00df und das ist klein\u00bb<\/a><\/li><li><a href=\"https:\/\/reflejarte.es\/DeutschamStrand\/es\/kinderlied-zum-tagesablauf-aufstehen-duschen-kleider-anziehen-ich-kann-alles-schon-allein\/\">Canci\u00f3n infantil DaF sobre rutinas diarias &#8216;Aufstehen, duschen, Kleider anziehen&#8230; Ich kann alles schon allein&#8217;<\/a><\/li><li><a href=\"https:\/\/reflejarte.es\/DeutschamStrand\/es\/didaktisches-lied-mit-gesten-basisstrukturen-cancion-gestos-conjugacion-melodie-haenschen-klein\/\">Canci\u00f3n infantil vers\u00e1til para practicar estructuras, con gestos \u00b7 Melod\u00eda de \u00abH\u00e4nschen klein\u00bb  fichas + audio<\/a><\/li><li><a href=\"https:\/\/reflejarte.es\/DeutschamStrand\/es\/lieder-und-songs-auf-deutsch\/\">Canciones para aprender alem\u00e1n<\/a><\/li><li><a href=\"https:\/\/reflejarte.es\/DeutschamStrand\/es\/bauer-hans-hat-einen-hof-old-mac-donald-has-a-farm\/\">La canci\u00f3n de la granja: Bauer Hans hat einen Hof  + mp3<\/a><\/li><li><a href=\"https:\/\/reflejarte.es\/DeutschamStrand\/es\/abc-lied\/\">La canci\u00f3n del ABC \u00b7 mp3<\/a><\/li><\/ul>\n<p><a name=\"estructuras\"><\/a><\/p>\n<h4>Categor\u00eda AUDIOS PARA ENTRENAR ESTRUCTURAS: posts con ficheros de audio (mp3) o tem\u00e1ticas relacionadas<\/h4>\n<ul class=\"lcp_catlist\" id=\"lcp_instance_0\"><li><a href=\"https:\/\/reflejarte.es\/DeutschamStrand\/es\/abc-lied\/\">La canci\u00f3n del ABC \u00b7 mp3<\/a><\/li><li><a href=\"https:\/\/reflejarte.es\/DeutschamStrand\/es\/bauer-hans-hat-einen-hof-old-mac-donald-has-a-farm\/\">La canci\u00f3n de la granja: Bauer Hans hat einen Hof  + mp3<\/a><\/li><li><a href=\"https:\/\/reflejarte.es\/DeutschamStrand\/es\/das-pantomime-lied-%c2%b7-mp3\/\">Canci\u00f3n con pantomima \u00b7 mp3 (Cantar con gestos para practicar conjugaciones)<\/a><\/li><li><a href=\"https:\/\/reflejarte.es\/DeutschamStrand\/es\/morgens-frueh-um-6-kommt-die-kleine-hex-%c2%b7-lied-%c2%b7-mp3\/\">Canci\u00f3n de la Brujita: Morgens fr\u00fch um sechs kommt die kleine Hex&#8217; \u00b7 mp3 \u00b7 fichas<\/a><\/li><li><a href=\"https:\/\/reflejarte.es\/DeutschamStrand\/es\/audio_verbos-modales-en-aleman-conjugar-y-comprender_duerfen-sollen-muessen-wollen-koennen-moegen\/\">Los verbos modales \u00b7 conjugaci\u00f3n y uso, explicaci\u00f3n y ejemplos \u00b7 audio mp3<\/a><\/li><li><a href=\"https:\/\/reflejarte.es\/DeutschamStrand\/es\/anfaengerlied-das-ist-gross-und-das-ist-klein\/\">Canci\u00f3n din\u00e1mica gestos y juegos para principiantes \u00abDas ist gro\u00df und das ist klein\u00bb<\/a><\/li><li><a href=\"https:\/\/reflejarte.es\/DeutschamStrand\/es\/didaktisches-lied-mit-gesten-basisstrukturen-cancion-gestos-conjugacion-melodie-haenschen-klein\/\">Canci\u00f3n infantil vers\u00e1til para practicar estructuras, con gestos \u00b7 Melod\u00eda de \u00abH\u00e4nschen klein\u00bb  fichas + audio<\/a><\/li><li><a href=\"https:\/\/reflejarte.es\/DeutschamStrand\/es\/streiten-comic-prosodie-satzakzent\/\">Di\u00e1logo \u00abPelear\u00bb \u00b7 c\u00f3mic \u00abStreiten!?\u00bb (ejercicio de prosodia: palabras enfatizadas) \u00b7 ficha + audio<\/a><\/li><li><a href=\"https:\/\/reflejarte.es\/DeutschamStrand\/es\/kinderlied-zum-tagesablauf-aufstehen-duschen-kleider-anziehen-ich-kann-alles-schon-allein\/\">Canci\u00f3n infantil DaF sobre rutinas diarias &#8216;Aufstehen, duschen, Kleider anziehen&#8230; Ich kann alles schon allein&#8217;<\/a><\/li><li><a href=\"https:\/\/reflejarte.es\/DeutschamStrand\/es\/welt-reisen-comic-audiovisual-zum-deutschlernen-para-aprender-aleman-lektion-2-im-reisebuero\/\">WELT-REISEN 2 \u00b7 C\u00d3MIC audiovisual para aprender alem\u00e1n<br>Lecci\u00f3n 2: Im Reiseb\u00fcro WELT-REISEN<\/a><\/li><li><a href=\"https:\/\/reflejarte.es\/DeutschamStrand\/es\/orthographie-vs-aussprache-nuetzliche-informationen-zur-deutschen-rechtschreibung\/\">Escritura vs pronunciaci\u00f3n \u00b7 Las dificultades de la ortograf\u00eda alemana \u00b7 mp3<\/a><\/li><li><a href=\"https:\/\/reflejarte.es\/DeutschamStrand\/es\/konjugation-von-haben-und-sein\/\">Conjugar HABEN y SEIN en presente \u00b7 Ejemplos, audio mp3+transcripci\u00f3n<\/a><\/li><li><a href=\"https:\/\/reflejarte.es\/DeutschamStrand\/es\/deutsch-zahlen-von-0-bis-1000-contar-en-aleman-mp3-audio\/\">WELT-REISEN \u00b7 Los n\u00fameros de 0 al 1000 \u00b7 audio mp3 + ejercicios interactivos<\/a><\/li><li><a href=\"https:\/\/reflejarte.es\/DeutschamStrand\/es\/koerperteile-vokabeltrainer-deutsch-el-cuerpo-en-aleman-quiz\/\">El cuerpo \u00b7 quiz \u00b7 3 entrenadores de vocabulario con im\u00e1genes+audio \u00b7 ejercicios interactivos<\/a><\/li><\/ul>\n<p><a name=\"deutschkurs\"><\/a><\/p>\n<h4>Categor\u00eda AUDIOS del CURSO DE ALEM\u00c1N EN L\u00cdNEA para principiantes<\/h4>\n<ul class=\"lcp_catlist\" id=\"lcp_instance_0\"><li><a href=\"https:\/\/reflejarte.es\/DeutschamStrand\/es\/comic-deutschkurs-curso-de-aleman-lektion-1-im-reisebuero-welt-reisen\/\">WELT-REISEN 1 \u00b7 Curso de alem\u00e1n gratuito \u00b7 C\u00d3MIC audiovisual para aprender alem\u00e1n<br>Lecci\u00f3n 1:  Im Reiseb\u00fcro WELT-REISEN<\/a><\/li><li><a href=\"https:\/\/reflejarte.es\/DeutschamStrand\/es\/welt-reisen-comic-audiovisual-zum-deutschlernen-para-aprender-aleman-lektion-2-im-reisebuero\/\">WELT-REISEN 2 \u00b7 C\u00d3MIC audiovisual para aprender alem\u00e1n<br>Lecci\u00f3n 2: Im Reiseb\u00fcro WELT-REISEN<\/a><\/li><li><a href=\"https:\/\/reflejarte.es\/DeutschamStrand\/es\/comic-deutschkurs_curso-de-aleman-lektion-3-im-reisebuero-welt-reisen\/\">WELT-REISEN 3 \u00b7 eine Reise buchen <br>Curso gratuito de iniciaci\u00f3n al alem\u00e1n en c\u00f3mic biling\u00fce \u00b7 lecci\u00f3n 3<\/a><\/li><li><a href=\"https:\/\/reflejarte.es\/DeutschamStrand\/es\/konjugation-von-haben-und-sein\/\">Conjugar HABEN y SEIN en presente \u00b7 Ejemplos, audio mp3+transcripci\u00f3n<\/a><\/li><li><a href=\"https:\/\/reflejarte.es\/DeutschamStrand\/es\/a1-0-personalpronomen-in-bild-person-geste-farbe-ton-schrift-anfaenger-kinder\/\">ich, du, er, sie, es&#8230; <b>Los pronombres personales alemanes<\/b> \u00b7 Quiz con imagen (persona, gesto, color) + sonido + graf\u00eda<\/a><\/li><li><a href=\"https:\/\/reflejarte.es\/DeutschamStrand\/es\/deutsch-zahlen-von-0-bis-1000-contar-en-aleman-mp3-audio\/\">WELT-REISEN \u00b7 Los n\u00fameros de 0 al 1000 \u00b7 audio mp3 + ejercicios interactivos<\/a><\/li><\/ul>\n","protected":false},"excerpt":{"rendered":"<p>&nbsp; Listado de AUDIOS &nbsp; Ir a subcategor\u00edas TODO AUDIO\u00a0\u00a0 | \u00a0 CANCIONES\u00a0\u00a0 | \u00a0 PRACTICAR CON AUDIOS | CURSO DE ALEM\u00c1N escuchar Categor\u00eda AUDIO: posts con ficheros de audio (mp3\/midi) o de tem\u00e1tica relacionada Categor\u00eda CANCI\u00d3N: todas las canciones (canciones populares, infantiles y did\u00e1cticas con mp3) Categor\u00eda AUDIOS PARA&#8230;<\/p>\n<p> <a class=\"continue-reading-link\" href=\"https:\/\/reflejarte.es\/DeutschamStrand\/es\/kategorie-audio-liste-aller-beitraege\/\"><span>seguir leyendo &#8230;<\/span><i class=\"crycon-right-dir\"><\/i><\/a> <\/p>\n","protected":false},"author":4,"featured_media":794,"parent":0,"menu_order":0,"comment_status":"closed","ping_status":"closed","template":"","meta":{"footnotes":""},"class_list":["post-1400","page","type-page","status-publish","has-post-thumbnail","hentry"],"_links":{"self":[{"href":"https:\/\/reflejarte.es\/DeutschamStrand\/es\/wp-json\/wp\/v2\/pages\/1400","targetHints":{"allow":["GET"]}}],"collection":[{"href":"https:\/\/reflejarte.es\/DeutschamStrand\/es\/wp-json\/wp\/v2\/pages"}],"about":[{"href":"https:\/\/reflejarte.es\/DeutschamStrand\/es\/wp-json\/wp\/v2\/types\/page"}],"author":[{"embeddable":true,"href":"https:\/\/reflejarte.es\/DeutschamStrand\/es\/wp-json\/wp\/v2\/users\/4"}],"replies":[{"embeddable":true,"href":"https:\/\/reflejarte.es\/DeutschamStrand\/es\/wp-json\/wp\/v2\/comments?post=1400"}],"version-history":[{"count":18,"href":"https:\/\/reflejarte.es\/DeutschamStrand\/es\/wp-json\/wp\/v2\/pages\/1400\/revisions"}],"predecessor-version":[{"id":4530,"href":"https:\/\/reflejarte.es\/DeutschamStrand\/es\/wp-json\/wp\/v2\/pages\/1400\/revisions\/4530"}],"wp:featuredmedia":[{"embeddable":true,"href":"https:\/\/reflejarte.es\/DeutschamStrand\/es\/wp-json\/wp\/v2\/media\/794"}],"wp:attachment":[{"href":"https:\/\/reflejarte.es\/DeutschamStrand\/es\/wp-json\/wp\/v2\/media?parent=1400"}],"curies":[{"name":"wp","href":"https:\/\/api.w.org\/{rel}","templated":true}]}}